{"id":374,"date":"2025-10-01T17:59:05","date_gmt":"2025-10-01T15:59:05","guid":{"rendered":"https:\/\/welfarecontrattuale.y-test.it\/?page_id=374"},"modified":"2026-07-20T18:38:21","modified_gmt":"2026-07-20T16:38:21","slug":"cosa-e-il-welfare-contrattuale","status":"publish","type":"page","link":"https:\/\/welfarecontrattuale.ce-mu.it\/calabria\/cosa-e-il-welfare-contrattuale\/","title":{"rendered":"Cosa \u00e8 il welfare contrattuale"},"content":{"rendered":"\t\t<div data-elementor-type=\"wp-page\" data-elementor-id=\"374\" class=\"elementor elementor-374\" data-elementor-post-type=\"page\">\n\t\t\t\t<div class=\"elementor-element elementor-element-7d11f9c e-flex e-con-boxed e-con e-parent\" data-id=\"7d11f9c\" data-element_type=\"container\" data-e-type=\"container\">\n\t\t\t\t\t<div class=\"e-con-inner\">\n\t\t<div class=\"elementor-element elementor-element-35814fe e-grid e-con-full e-con e-child\" data-id=\"35814fe\" data-element_type=\"container\" data-e-type=\"container\">\n\t\t\t\t<div class=\"elementor-element elementor-element-997f25a elementor-widget elementor-widget-text-editor\" data-id=\"997f25a\" data-element_type=\"widget\" data-e-type=\"widget\" data-widget_type=\"text-editor.default\">\n\t\t\t\t\t\t\t\t\t<p>Poter contare su prestazioni di welfare come visite mediche, percorsi formativi, servizi di conciliazione tra vita lavorativa e personale, integrazioni al reddito diventa ogni giorno pi\u00f9 importante, in un momento in cui il sistema pubblico non riesce a coprire tutti i bisogni e i servizi offerti dal mercato privato \u2014 banche, assicurazioni \u2014 hanno costi che spesso restano fuori portata.<\/p>\t\t\t\t\t\t\t\t<\/div>\n\t\t\t\t<div class=\"elementor-element elementor-element-a79ba22 elementor-widget elementor-widget-text-editor\" data-id=\"a79ba22\" data-element_type=\"widget\" data-e-type=\"widget\" data-widget_type=\"text-editor.default\">\n\t\t\t\t\t\t\t\t\t<p>Il welfare contrattuale nasce proprio per rispondere a questa esigenza in modo concreto e sostenibile: si tratta di un insieme di prestazioni collettive, finanziate congiuntamente da imprese, lavoratrici e lavoratori, che danno accesso a tutele reali senza passare dal mercato privato.<\/p><p>Questo meccanismo \u00e8 reso possibile dal sistema bilaterale: una rete di enti paritetici presenti a livello nazionale e territoriale, che trasforma quanto previsto dai contratti collettivi in servizi concreti. Un modello capace di coniugare sostenibilit\u00e0 economica, solidariet\u00e0 e reciproco vantaggio, che rafforza sia la competitivit\u00e0 delle imprese sia la sicurezza di chi lavora. Capire come funziona il welfare contrattuale fondato sulla bilateralit\u00e0 \u00e8 dunque fondamentale tanto per lavoratrici e lavoratori quanto per le imprese.<\/p>\t\t\t\t\t\t\t\t<\/div>\n\t\t\t\t<\/div>\n\t\t\t\t\t<\/div>\n\t\t\t\t<\/div>\n\t\t<div class=\"elementor-element elementor-element-54b5036 e-flex e-con-boxed e-con e-parent\" data-id=\"54b5036\" data-element_type=\"container\" data-e-type=\"container\" data-settings=\"{&quot;background_background&quot;:&quot;classic&quot;}\">\n\t\t\t\t\t<div class=\"e-con-inner\">\n\t\t<div class=\"elementor-element elementor-element-aa1d449 e-grid e-con-full e-con e-child\" data-id=\"aa1d449\" data-element_type=\"container\" data-e-type=\"container\">\n\t\t\t\t<div class=\"elementor-element elementor-element-ee00c22 elementor-widget elementor-widget-heading\" data-id=\"ee00c22\" data-element_type=\"widget\" data-e-type=\"widget\" data-widget_type=\"heading.default\">\n\t\t\t\t\t<h2 class=\"elementor-heading-title elementor-size-default\">Cos\u2019\u00e8 il Welfare <br>\nContrattuale<\/h2>\t\t\t\t<\/div>\n\t\t\t\t<div class=\"elementor-element elementor-element-2b8856d elementor-widget elementor-widget-image\" data-id=\"2b8856d\" data-element_type=\"widget\" data-e-type=\"widget\" data-widget_type=\"image.default\">\n\t\t\t\t\t\t\t\t\t\t\t\t\t\t\t<img decoding=\"async\" width=\"32\" height=\"32\" src=\"https:\/\/welfarecontrattuale.ce-mu.it\/calabria\/wp-content\/uploads\/2025\/09\/FAVICON.svg\" class=\"attachment-2048x2048 size-2048x2048 wp-image-205\" alt=\"\" \/>\t\t\t\t\t\t\t\t\t\t\t\t\t\t\t<\/div>\n\t\t\t\t<\/div>\n\t\t<div class=\"elementor-element elementor-element-9da478b e-grid e-con-full e-con e-child\" data-id=\"9da478b\" data-element_type=\"container\" data-e-type=\"container\">\n\t\t\t\t<div class=\"elementor-element elementor-element-73cb22f elementor-widget elementor-widget-text-editor\" data-id=\"73cb22f\" data-element_type=\"widget\" data-e-type=\"widget\" data-widget_type=\"text-editor.default\">\n\t\t\t\t\t\t\t\t\t<p>Il welfare contrattuale \u00e8 l&#8217;insieme di prestazioni e servizi previsti dai contratti collettivi nazionali di lavoro (CCNL), pensati per integrare il welfare pubblico e ampliare la rete di tutele a disposizione di lavoratrici e lavoratori.<\/p>\t\t\t\t\t\t\t\t<\/div>\n\t\t\t\t<div class=\"elementor-element elementor-element-2e22957 elementor-widget elementor-widget-text-editor\" data-id=\"2e22957\" data-element_type=\"widget\" data-e-type=\"widget\" data-widget_type=\"text-editor.default\">\n\t\t\t\t\t\t\t\t\t<p>Non \u00e8 dunque una concessione facoltativa delle aziende, ma un vero e proprio diritto sancito dalla contrattazione collettiva, reso operativo dai contributi obbligatori che imprese e lavoratori versano attraverso il sistema bilaterale.<\/p>\t\t\t\t\t\t\t\t<\/div>\n\t\t\t\t<\/div>\n\t\t\t\t\t<\/div>\n\t\t\t\t<\/div>\n\t\t<div class=\"elementor-element elementor-element-d7d27c4 e-flex e-con-boxed e-con e-parent\" data-id=\"d7d27c4\" data-element_type=\"container\" data-e-type=\"container\">\n\t\t\t\t\t<div class=\"e-con-inner\">\n\t\t\t\t<div class=\"elementor-element elementor-element-9903c09 elementor-widget elementor-widget-text-editor\" data-id=\"9903c09\" data-element_type=\"widget\" data-e-type=\"widget\" data-widget_type=\"text-editor.default\">\n\t\t\t\t\t\t\t\t\t<p>Le aree di intervento del welfare contrattuale sono molteplici e riguardano aspetti concreti della vita lavorativa e personale:<\/p>\t\t\t\t\t\t\t\t<\/div>\n\t\t\t\t\t<\/div>\n\t\t\t\t<\/div>\n\t\t<div class=\"elementor-element elementor-element-f219c80 e-flex e-con-boxed e-con e-parent\" data-id=\"f219c80\" data-element_type=\"container\" data-e-type=\"container\">\n\t\t\t\t\t<div class=\"e-con-inner\">\n\t\t<div class=\"elementor-element elementor-element-5593c04 e-grid e-con-full e-con e-child\" data-id=\"5593c04\" data-element_type=\"container\" data-e-type=\"container\">\n\t\t<div class=\"elementor-element elementor-element-a928cff e-con-full elementor-hidden-mobile e-flex e-con e-child\" data-id=\"a928cff\" data-element_type=\"container\" data-e-type=\"container\">\n\t\t\t\t<div class=\"elementor-element elementor-element-0f8396f elementor-widget elementor-widget-spacer\" data-id=\"0f8396f\" data-element_type=\"widget\" data-e-type=\"widget\" data-widget_type=\"spacer.default\">\n\t\t\t\t\t\t\t<div class=\"elementor-spacer\">\n\t\t\t<div class=\"elementor-spacer-inner\"><\/div>\n\t\t<\/div>\n\t\t\t\t\t\t<\/div>\n\t\t\t\t<\/div>\n\t\t<div class=\"elementor-element elementor-element-6fec3e0 e-con-full e-flex e-con e-child\" data-id=\"6fec3e0\" data-element_type=\"container\" data-e-type=\"container\">\n\t\t\t\t<div class=\"elementor-element elementor-element-a14b625 elementor-widget elementor-widget-heading\" data-id=\"a14b625\" data-element_type=\"widget\" data-e-type=\"widget\" data-widget_type=\"heading.default\">\n\t\t\t\t\t<h2 class=\"elementor-heading-title elementor-size-default\">Sanit\u00e0 integrativa\n<br>\n<br><\/h2>\t\t\t\t<\/div>\n\t\t\t\t<div class=\"elementor-element elementor-element-f69153a elementor-widget elementor-widget-text-editor\" data-id=\"f69153a\" data-element_type=\"widget\" data-e-type=\"widget\" data-widget_type=\"text-editor.default\">\n\t\t\t\t\t\t\t\t\t<p>che copre visite e prestazioni mediche al di fuori del Servizio Sanitario Nazionale<\/p>\t\t\t\t\t\t\t\t<\/div>\n\t\t\t\t<\/div>\n\t\t<div class=\"elementor-element elementor-element-dc68bf7 e-con-full e-flex e-con e-child\" data-id=\"dc68bf7\" data-element_type=\"container\" data-e-type=\"container\">\n\t\t\t\t<div class=\"elementor-element elementor-element-bbdd316 elementor-widget elementor-widget-heading\" data-id=\"bbdd316\" data-element_type=\"widget\" data-e-type=\"widget\" data-widget_type=\"heading.default\">\n\t\t\t\t\t<h2 class=\"elementor-heading-title elementor-size-default\">Previdenza\ncomplementare<\/h2>\t\t\t\t<\/div>\n\t\t\t\t<div class=\"elementor-element elementor-element-56aaba6 elementor-widget elementor-widget-text-editor\" data-id=\"56aaba6\" data-element_type=\"widget\" data-e-type=\"widget\" data-widget_type=\"text-editor.default\">\n\t\t\t\t\t\t\t\t\t<p>che affianca la pensione pubblica<\/p>\t\t\t\t\t\t\t\t<\/div>\n\t\t\t\t<\/div>\n\t\t<div class=\"elementor-element elementor-element-7adfb43 e-con-full e-flex e-con e-child\" data-id=\"7adfb43\" data-element_type=\"container\" data-e-type=\"container\">\n\t\t\t\t<div class=\"elementor-element elementor-element-f323717 elementor-widget elementor-widget-heading\" data-id=\"f323717\" data-element_type=\"widget\" data-e-type=\"widget\" data-widget_type=\"heading.default\">\n\t\t\t\t\t<h2 class=\"elementor-heading-title elementor-size-default\">Sostegno al\nreddito\n<br>\n<br><\/h2>\t\t\t\t<\/div>\n\t\t\t\t<div class=\"elementor-element elementor-element-f14f50f elementor-widget elementor-widget-text-editor\" data-id=\"f14f50f\" data-element_type=\"widget\" data-e-type=\"widget\" data-widget_type=\"text-editor.default\">\n\t\t\t\t\t\t\t\t\t<p>in caso di malattia o sospensione lavorativa<\/p>\t\t\t\t\t\t\t\t<\/div>\n\t\t\t\t<\/div>\n\t\t<div class=\"elementor-element elementor-element-c637a03 e-con-full e-flex e-con e-child\" data-id=\"c637a03\" data-element_type=\"container\" data-e-type=\"container\">\n\t\t\t\t<div class=\"elementor-element elementor-element-6b2c770 elementor-widget elementor-widget-heading\" data-id=\"6b2c770\" data-element_type=\"widget\" data-e-type=\"widget\" data-widget_type=\"heading.default\">\n\t\t\t\t\t<h2 class=\"elementor-heading-title elementor-size-default\">Formazione continua\n<br>\n<br><\/h2>\t\t\t\t<\/div>\n\t\t\t\t<div class=\"elementor-element elementor-element-4d291bc elementor-widget elementor-widget-text-editor\" data-id=\"4d291bc\" data-element_type=\"widget\" data-e-type=\"widget\" data-widget_type=\"text-editor.default\">\n\t\t\t\t\t\t\t\t\t<p>per l\u2019aggiornamento professionale<\/p>\t\t\t\t\t\t\t\t<\/div>\n\t\t\t\t<\/div>\n\t\t<div class=\"elementor-element elementor-element-15eed09 e-con-full e-flex e-con e-child\" data-id=\"15eed09\" data-element_type=\"container\" data-e-type=\"container\">\n\t\t\t\t<div class=\"elementor-element elementor-element-c9add39 elementor-widget elementor-widget-heading\" data-id=\"c9add39\" data-element_type=\"widget\" data-e-type=\"widget\" data-widget_type=\"heading.default\">\n\t\t\t\t\t<h2 class=\"elementor-heading-title elementor-size-default\">Misure\n<br>\n<br><\/h2>\t\t\t\t<\/div>\n\t\t\t\t<div class=\"elementor-element elementor-element-28d135e elementor-widget elementor-widget-text-editor\" data-id=\"28d135e\" data-element_type=\"widget\" data-e-type=\"widget\" data-widget_type=\"text-editor.default\">\n\t\t\t\t\t\t\t\t\t<p>per la <strong>conciliazione tra vita privata e lavoro<\/strong>, come sostegni alla genitorialit\u00e0 o all\u2019assistenza familiare<\/p>\t\t\t\t\t\t\t\t<\/div>\n\t\t\t\t<\/div>\n\t\t\t\t<\/div>\n\t\t\t\t\t<\/div>\n\t\t\t\t<\/div>\n\t\t<div class=\"elementor-element elementor-element-7bf32f9 e-flex e-con-boxed e-con e-parent\" data-id=\"7bf32f9\" data-element_type=\"container\" data-e-type=\"container\">\n\t\t\t\t\t<div class=\"e-con-inner\">\n\t\t\t\t<div class=\"elementor-element elementor-element-e429cda elementor-widget elementor-widget-spacer\" data-id=\"e429cda\" data-element_type=\"widget\" data-e-type=\"widget\" data-widget_type=\"spacer.default\">\n\t\t\t\t\t\t\t<div class=\"elementor-spacer\">\n\t\t\t<div class=\"elementor-spacer-inner\"><\/div>\n\t\t<\/div>\n\t\t\t\t\t\t<\/div>\n\t\t\t\t\t<\/div>\n\t\t\t\t<\/div>\n\t\t<div class=\"elementor-element elementor-element-957667a e-flex e-con-boxed e-con e-parent\" data-id=\"957667a\" data-element_type=\"container\" data-e-type=\"container\" data-settings=\"{&quot;background_background&quot;:&quot;classic&quot;}\">\n\t\t\t\t\t<div class=\"e-con-inner\">\n\t\t\t\t<div class=\"elementor-element elementor-element-2f8a652 elementor-widget elementor-widget-text-editor\" data-id=\"2f8a652\" data-element_type=\"widget\" data-e-type=\"widget\" data-widget_type=\"text-editor.default\">\n\t\t\t\t\t\t\t\t\t<p>Spesso viene confuso con il <strong>welfare aziendale<\/strong>, ma la differenza \u00e8 sostanziale: quest&#8217;ultimo dipende da una scelta volontaria del singolo datore di lavoro e riguarda solo i dipendenti di quell&#8217;azienda, mentre il welfare contrattuale ha natura collettiva e assicura prestazioni omogenee a tutte le lavoratrici e i lavoratori di un determinato settore.<\/p>\t\t\t\t\t\t\t\t<\/div>\n\t\t\t\t\t<\/div>\n\t\t\t\t<\/div>\n\t\t<div class=\"elementor-element elementor-element-33e94dc e-flex e-con-boxed e-con e-parent\" data-id=\"33e94dc\" data-element_type=\"container\" data-e-type=\"container\">\n\t\t\t\t\t<div class=\"e-con-inner\">\n\t\t\t\t<div class=\"elementor-element elementor-element-ebf375e elementor-widget elementor-widget-n-accordion\" data-id=\"ebf375e\" data-element_type=\"widget\" data-e-type=\"widget\" data-settings=\"{&quot;default_state&quot;:&quot;all_collapsed&quot;,&quot;max_items_expended&quot;:&quot;one&quot;,&quot;n_accordion_animation_duration&quot;:{&quot;unit&quot;:&quot;ms&quot;,&quot;size&quot;:400,&quot;sizes&quot;:[]}}\" data-widget_type=\"nested-accordion.default\">\n\t\t\t\t\t\t\t<div class=\"e-n-accordion\" aria-label=\"Accordion. Open links with Enter or Space, close with Escape, and navigate with Arrow Keys\">\n\t\t\t\t\t\t<details id=\"e-n-accordion-item-2470\" class=\"e-n-accordion-item\" >\n\t\t\t\t<summary class=\"e-n-accordion-item-title\" data-accordion-index=\"1\" tabindex=\"0\" aria-expanded=\"false\" aria-controls=\"e-n-accordion-item-2470\" >\n\t\t\t\t\t<span class='e-n-accordion-item-title-header'><div class=\"e-n-accordion-item-title-text\"> Come funziona il sistema bilaterale: enti bilaterali nazionali, regionali e provinciali <\/div><\/span>\n\t\t\t\t\t\t\t<span class='e-n-accordion-item-title-icon'>\n\t\t\t<span class='e-opened' ><svg aria-hidden=\"true\" class=\"e-font-icon-svg e-fas-minus\" viewBox=\"0 0 448 512\" xmlns=\"http:\/\/www.w3.org\/2000\/svg\"><path d=\"M416 208H32c-17.67 0-32 14.33-32 32v32c0 17.67 14.33 32 32 32h384c17.67 0 32-14.33 32-32v-32c0-17.67-14.33-32-32-32z\"><\/path><\/svg><\/span>\n\t\t\t<span class='e-closed'><svg aria-hidden=\"true\" class=\"e-font-icon-svg e-fas-plus\" viewBox=\"0 0 448 512\" xmlns=\"http:\/\/www.w3.org\/2000\/svg\"><path d=\"M416 208H272V64c0-17.67-14.33-32-32-32h-32c-17.67 0-32 14.33-32 32v144H32c-17.67 0-32 14.33-32 32v32c0 17.67 14.33 32 32 32h144v144c0 17.67 14.33 32 32 32h32c17.67 0 32-14.33 32-32V304h144c17.67 0 32-14.33 32-32v-32c0-17.67-14.33-32-32-32z\"><\/path><\/svg><\/span>\n\t\t<\/span>\n\n\t\t\t\t\t\t<\/summary>\n\t\t\t\t<div role=\"region\" aria-labelledby=\"e-n-accordion-item-2470\" class=\"elementor-element elementor-element-941a20a e-con-full e-flex e-con e-child\" data-id=\"941a20a\" data-element_type=\"container\" data-e-type=\"container\">\n\t\t<div role=\"region\" aria-labelledby=\"e-n-accordion-item-2470\" class=\"elementor-element elementor-element-2131917 e-flex e-con-boxed e-con e-child\" data-id=\"2131917\" data-element_type=\"container\" data-e-type=\"container\">\n\t\t\t\t\t<div class=\"e-con-inner\">\n\t\t\t\t<div class=\"elementor-element elementor-element-ca7c517 elementor-widget elementor-widget-text-editor\" data-id=\"ca7c517\" data-element_type=\"widget\" data-e-type=\"widget\" data-widget_type=\"text-editor.default\">\n\t\t\t\t\t\t\t\t\t<p>Il <strong>sistema bilaterale<\/strong> \u00e8 lo strumento attraverso cui i diritti previsti dal welfare contrattuale diventano concreti. Frutto della contrattazione collettiva, si basa su una gestione <strong>paritetica<\/strong>, in cui sindacati e associazioni datoriali lavorano insieme per garantire equilibrio e rappresentanza.<\/p><p>Si articola su pi\u00f9 livelli:<\/p><ul><li>livello <strong>nazionale:<\/strong> vengono definiti i grandi fondi e le linee guida generali;<\/li><li>livello <strong>regionale e provinciale<\/strong>: dove gli enti bilaterali, con le loro diramazioni territoriali, operano a stretto contatto con imprese, lavoratrici e lavoratori, offrendo risposte calibrate sulle esigenze del territorio.<\/li><\/ul><p>\u00a0<\/p><p>Grazie a questa rete diffusa, le previsioni dei CCNL si trasformano in prestazioni reali: dalla sanit\u00e0 integrativa alla previdenza complementare, dalla formazione continua al sostegno al reddito.<\/p><p>Alla base del sistema c&#8217;\u00e8 una logica solidaristica: sono i <strong>contributi obbligatori di imprese, lavoratrici e lavoratori<\/strong>, stabiliti dai contratti collettivi, a finanziare gli enti bilaterali e a garantirne la continuit\u00e0 delle prestazioni. In questo modo la bilateralit\u00e0 diventa parte stabile del rapporto di lavoro, in grado di rafforzare le tutele e di dare risposte concrete ai bisogni di persone e aziende.<\/p>\t\t\t\t\t\t\t\t<\/div>\n\t\t\t\t\t<\/div>\n\t\t\t\t<\/div>\n\t\t\t\t<\/div>\n\t\t\t\t\t<\/details>\n\t\t\t\t\t\t<details id=\"e-n-accordion-item-2471\" class=\"e-n-accordion-item\" >\n\t\t\t\t<summary class=\"e-n-accordion-item-title\" data-accordion-index=\"2\" tabindex=\"-1\" aria-expanded=\"false\" aria-controls=\"e-n-accordion-item-2471\" >\n\t\t\t\t\t<span class='e-n-accordion-item-title-header'><div class=\"e-n-accordion-item-title-text\"> Il vantaggio della bilateralit\u00e0 per lavoratrici, lavoratori e imprese <\/div><\/span>\n\t\t\t\t\t\t\t<span class='e-n-accordion-item-title-icon'>\n\t\t\t<span class='e-opened' ><svg aria-hidden=\"true\" class=\"e-font-icon-svg e-fas-minus\" viewBox=\"0 0 448 512\" xmlns=\"http:\/\/www.w3.org\/2000\/svg\"><path d=\"M416 208H32c-17.67 0-32 14.33-32 32v32c0 17.67 14.33 32 32 32h384c17.67 0 32-14.33 32-32v-32c0-17.67-14.33-32-32-32z\"><\/path><\/svg><\/span>\n\t\t\t<span class='e-closed'><svg aria-hidden=\"true\" class=\"e-font-icon-svg e-fas-plus\" viewBox=\"0 0 448 512\" xmlns=\"http:\/\/www.w3.org\/2000\/svg\"><path d=\"M416 208H272V64c0-17.67-14.33-32-32-32h-32c-17.67 0-32 14.33-32 32v144H32c-17.67 0-32 14.33-32 32v32c0 17.67 14.33 32 32 32h144v144c0 17.67 14.33 32 32 32h32c17.67 0 32-14.33 32-32V304h144c17.67 0 32-14.33 32-32v-32c0-17.67-14.33-32-32-32z\"><\/path><\/svg><\/span>\n\t\t<\/span>\n\n\t\t\t\t\t\t<\/summary>\n\t\t\t\t<div role=\"region\" aria-labelledby=\"e-n-accordion-item-2471\" class=\"elementor-element elementor-element-8ed2a90 e-con-full e-flex e-con e-child\" data-id=\"8ed2a90\" data-element_type=\"container\" data-e-type=\"container\">\n\t\t<div role=\"region\" aria-labelledby=\"e-n-accordion-item-2471\" class=\"elementor-element elementor-element-14ace1f e-flex e-con-boxed e-con e-child\" data-id=\"14ace1f\" data-element_type=\"container\" data-e-type=\"container\">\n\t\t\t\t\t<div class=\"e-con-inner\">\n\t\t\t\t<div class=\"elementor-element elementor-element-98726c8 elementor-widget elementor-widget-text-editor\" data-id=\"98726c8\" data-element_type=\"widget\" data-e-type=\"widget\" data-widget_type=\"text-editor.default\">\n\t\t\t\t\t\t\t\t\t<p>I vantaggi generati da questo sistema di welfare contrattuale si riflettono sia sui lavoratori sia sulle imprese. Per i dipendenti, si traducono nella possibilit\u00e0 di contare su un supporto concreto in diversi momenti della vita: sanit\u00e0, pensione, formazione, genitorialit\u00e0, disoccupazione. Anche le imprese ne beneficiano, in modo diretto e indiretto: gli enti bilaterali mettono a disposizione strumenti che <strong>semplificano la gestione delle risorse umane<\/strong>, sostengono la <strong>formazione e la sicurezza sul lavoro<\/strong> e contribuiscono a un <strong>clima aziendale pi\u00f9 stabile<\/strong>. Un&#8217;organizzazione pi\u00f9 solida e lavoratrici e lavoratori pi\u00f9 tutelati si traducono, per l&#8217;azienda, in maggiore efficienza e competitivit\u00e0.<\/p><p>L&#8217;accesso concreto alle prestazioni passa dalla rete degli <strong>enti bilaterali di settore o territoriali<\/strong>, punto di riferimento sia per lavoratrici e lavoratori sia per i datori di lavoro, che trasformano i contributi previsti dai contratti collettivi in servizi reali e immediatamente disponibili.<\/p>\t\t\t\t\t\t\t\t<\/div>\n\t\t\t\t\t<\/div>\n\t\t\t\t<\/div>\n\t\t\t\t<\/div>\n\t\t\t\t\t<\/details>\n\t\t\t\t\t\t<details id=\"e-n-accordion-item-2472\" class=\"e-n-accordion-item\" >\n\t\t\t\t<summary class=\"e-n-accordion-item-title\" data-accordion-index=\"3\" tabindex=\"-1\" aria-expanded=\"false\" aria-controls=\"e-n-accordion-item-2472\" >\n\t\t\t\t\t<span class='e-n-accordion-item-title-header'><div class=\"e-n-accordion-item-title-text\"> Bilateralit\u00e0 e welfare contrattuale nel settore terziario  <\/div><\/span>\n\t\t\t\t\t\t\t<span class='e-n-accordion-item-title-icon'>\n\t\t\t<span class='e-opened' ><svg aria-hidden=\"true\" class=\"e-font-icon-svg e-fas-minus\" viewBox=\"0 0 448 512\" xmlns=\"http:\/\/www.w3.org\/2000\/svg\"><path d=\"M416 208H32c-17.67 0-32 14.33-32 32v32c0 17.67 14.33 32 32 32h384c17.67 0 32-14.33 32-32v-32c0-17.67-14.33-32-32-32z\"><\/path><\/svg><\/span>\n\t\t\t<span class='e-closed'><svg aria-hidden=\"true\" class=\"e-font-icon-svg e-fas-plus\" viewBox=\"0 0 448 512\" xmlns=\"http:\/\/www.w3.org\/2000\/svg\"><path d=\"M416 208H272V64c0-17.67-14.33-32-32-32h-32c-17.67 0-32 14.33-32 32v144H32c-17.67 0-32 14.33-32 32v32c0 17.67 14.33 32 32 32h144v144c0 17.67 14.33 32 32 32h32c17.67 0 32-14.33 32-32V304h144c17.67 0 32-14.33 32-32v-32c0-17.67-14.33-32-32-32z\"><\/path><\/svg><\/span>\n\t\t<\/span>\n\n\t\t\t\t\t\t<\/summary>\n\t\t\t\t<div role=\"region\" aria-labelledby=\"e-n-accordion-item-2472\" class=\"elementor-element elementor-element-bb3982b e-con-full e-flex e-con e-child\" data-id=\"bb3982b\" data-element_type=\"container\" data-e-type=\"container\">\n\t\t<div role=\"region\" aria-labelledby=\"e-n-accordion-item-2472\" class=\"elementor-element elementor-element-229d2f5 e-flex e-con-boxed e-con e-child\" data-id=\"229d2f5\" data-element_type=\"container\" data-e-type=\"container\">\n\t\t\t\t\t<div class=\"e-con-inner\">\n\t\t\t\t<div class=\"elementor-element elementor-element-40f2c7f elementor-widget elementor-widget-text-editor\" data-id=\"40f2c7f\" data-element_type=\"widget\" data-e-type=\"widget\" data-widget_type=\"text-editor.default\">\n\t\t\t\t\t\t\t\t\t<p>Nel <strong>settore terziario<\/strong> \u2014 che comprende commercio, turismo e servizi \u2014 la bilateralit\u00e0 ha assunto un ruolo sempre pi\u00f9 centrale. La presenza di milioni di addetti con esigenze molto diverse tra loro ha reso necessario costruire un sistema diffuso di enti bilaterali, in grado di dare risposte rapide e concrete a imprese, lavoratrici e lavoratori.<\/p><p>Gli enti bilaterali del terziario agiscono su scala nazionale, regionale e provinciale, occupandosi di <strong>formazione continua<\/strong>, <strong>sanit\u00e0 integrativa<\/strong>, <strong>sostegno al reddito<\/strong> e iniziative di <strong>welfare territoriale<\/strong>. Il loro ruolo \u00e8 duplice: garantire prestazioni immediate a lavoratrici e lavoratori e, allo stesso tempo, affiancare le imprese nella gestione delle risorse umane, nella sicurezza sul lavoro e negli strumenti di conciliazione vita-lavoro.<\/p><p>Il modello si regge sul contributo congiunto di aziende e dipendenti, che alimentano i fondi previsti dai contratti collettivi. \u00c8 questa logica solidaristica a rendere la bilateralit\u00e0 nel terziario una risorsa preziosa: non un costo, ma un investimento che rafforza la competitivit\u00e0 delle imprese e migliora la qualit\u00e0 del lavoro.<\/p>\t\t\t\t\t\t\t\t<\/div>\n\t\t\t\t\t<\/div>\n\t\t\t\t<\/div>\n\t\t\t\t<\/div>\n\t\t\t\t\t<\/details>\n\t\t\t\t\t<\/div>\n\t\t\t\t\t\t<\/div>\n\t\t\t\t\t<\/div>\n\t\t\t\t<\/div>\n\t\t<div class=\"elementor-element elementor-element-ca8fda7 e-flex e-con-boxed e-con e-parent\" data-id=\"ca8fda7\" data-element_type=\"container\" data-e-type=\"container\" data-settings=\"{&quot;background_background&quot;:&quot;classic&quot;}\">\n\t\t\t\t\t<div class=\"e-con-inner\">\n\t\t<div class=\"elementor-element elementor-element-87c798c e-grid e-con-full e-con e-child\" data-id=\"87c798c\" data-element_type=\"container\" data-e-type=\"container\">\n\t\t\t\t<div class=\"elementor-element elementor-element-7385b87 elementor-widget elementor-widget-heading\" data-id=\"7385b87\" data-element_type=\"widget\" data-e-type=\"widget\" data-widget_type=\"heading.default\">\n\t\t\t\t\t<h2 class=\"elementor-heading-title elementor-size-default\">Cosa ti interessa<br>\napprofondire?<\/h2>\t\t\t\t<\/div>\n\t\t\t\t<div class=\"elementor-element elementor-element-0664cbe elementor-widget elementor-widget-image\" data-id=\"0664cbe\" data-element_type=\"widget\" data-e-type=\"widget\" data-widget_type=\"image.default\">\n\t\t\t\t\t\t\t\t\t\t\t\t\t\t\t<img decoding=\"async\" width=\"32\" height=\"32\" src=\"https:\/\/welfarecontrattuale.ce-mu.it\/calabria\/wp-content\/uploads\/2025\/09\/FAVICON.svg\" class=\"attachment-2048x2048 size-2048x2048 wp-image-205\" alt=\"\" \/>\t\t\t\t\t\t\t\t\t\t\t\t\t\t\t<\/div>\n\t\t\t\t<\/div>\n\t\t<div class=\"elementor-element elementor-element-f7e5070 e-grid e-con-full elementor-hidden-tablet elementor-hidden-mobile e-con e-child\" data-id=\"f7e5070\" data-element_type=\"container\" data-e-type=\"container\">\n\t\t\t\t<div class=\"elementor-element elementor-element-a5d24ca elementor-widget elementor-widget-heading\" data-id=\"a5d24ca\" data-element_type=\"widget\" data-e-type=\"widget\" data-widget_type=\"heading.default\">\n\t\t\t\t\t<h4 class=\"elementor-heading-title elementor-size-default\">PREVIDENZA <\/h4>\t\t\t\t<\/div>\n\t\t\t\t<div class=\"elementor-element elementor-element-764f3a4 elementor-widget elementor-widget-heading\" data-id=\"764f3a4\" data-element_type=\"widget\" data-e-type=\"widget\" data-widget_type=\"heading.default\">\n\t\t\t\t\t<h4 class=\"elementor-heading-title elementor-size-default\">SANIT\u00c0<\/h4>\t\t\t\t<\/div>\n\t\t\t\t<div class=\"elementor-element elementor-element-b678d4c elementor-widget elementor-widget-heading\" data-id=\"b678d4c\" data-element_type=\"widget\" data-e-type=\"widget\" data-widget_type=\"heading.default\">\n\t\t\t\t\t<h4 class=\"elementor-heading-title elementor-size-default\">FORMAZIONE<\/h4>\t\t\t\t<\/div>\n\t\t\t\t<div class=\"elementor-element elementor-element-ed7e6a5 elementor-widget elementor-widget-heading\" data-id=\"ed7e6a5\" data-element_type=\"widget\" data-e-type=\"widget\" data-widget_type=\"heading.default\">\n\t\t\t\t\t<h4 class=\"elementor-heading-title elementor-size-default\">INTEGRAZIONE DEL<br>\nREDDITO<\/h4>\t\t\t\t<\/div>\n\t\t\t\t<div class=\"elementor-element elementor-element-d2a5ad5 elementor-widget elementor-widget-button\" data-id=\"d2a5ad5\" data-element_type=\"widget\" data-e-type=\"widget\" data-widget_type=\"button.default\">\n\t\t\t\t\t\t\t\t\t\t<a class=\"elementor-button elementor-button-link elementor-size-sm\" href=\"\/calabria\/news\/previdenza-complementare\">\n\t\t\t\t\t\t<span class=\"elementor-button-content-wrapper\">\n\t\t\t\t\t\t\t\t\t<span class=\"elementor-button-text\">SCOPRI DI PI\u00d9<\/span>\n\t\t\t\t\t<\/span>\n\t\t\t\t\t<\/a>\n\t\t\t\t\t\t\t\t<\/div>\n\t\t\t\t<div class=\"elementor-element elementor-element-e09fc23 elementor-widget elementor-widget-button\" data-id=\"e09fc23\" data-element_type=\"widget\" data-e-type=\"widget\" data-widget_type=\"button.default\">\n\t\t\t\t\t\t\t\t\t\t<a class=\"elementor-button elementor-button-link elementor-size-sm\" href=\"\/calabria\/news\/sanita-integrativa\">\n\t\t\t\t\t\t<span class=\"elementor-button-content-wrapper\">\n\t\t\t\t\t\t\t\t\t<span class=\"elementor-button-text\">SCOPRI DI PI\u00d9<\/span>\n\t\t\t\t\t<\/span>\n\t\t\t\t\t<\/a>\n\t\t\t\t\t\t\t\t<\/div>\n\t\t\t\t<div class=\"elementor-element elementor-element-8cc4737 elementor-widget elementor-widget-button\" data-id=\"8cc4737\" data-element_type=\"widget\" data-e-type=\"widget\" data-widget_type=\"button.default\">\n\t\t\t\t\t\t\t\t\t\t<a class=\"elementor-button elementor-button-link elementor-size-sm\" href=\"\/calabria\/news\/formazione\">\n\t\t\t\t\t\t<span class=\"elementor-button-content-wrapper\">\n\t\t\t\t\t\t\t\t\t<span class=\"elementor-button-text\">SCOPRI DI PI\u00d9<\/span>\n\t\t\t\t\t<\/span>\n\t\t\t\t\t<\/a>\n\t\t\t\t\t\t\t\t<\/div>\n\t\t\t\t<div class=\"elementor-element elementor-element-e3cc731 elementor-widget elementor-widget-button\" data-id=\"e3cc731\" data-element_type=\"widget\" data-e-type=\"widget\" data-widget_type=\"button.default\">\n\t\t\t\t\t\t\t\t\t\t<a class=\"elementor-button elementor-button-link elementor-size-sm\" href=\"\/calabria\/news\/sostegno-al-reddito\">\n\t\t\t\t\t\t<span class=\"elementor-button-content-wrapper\">\n\t\t\t\t\t\t\t\t\t<span class=\"elementor-button-text\">SCOPRI DI PI\u00d9<\/span>\n\t\t\t\t\t<\/span>\n\t\t\t\t\t<\/a>\n\t\t\t\t\t\t\t\t<\/div>\n\t\t\t\t<\/div>\n\t\t<div class=\"elementor-element elementor-element-c0b2bf5 e-grid e-con-full elementor-hidden-desktop e-con e-child\" data-id=\"c0b2bf5\" data-element_type=\"container\" data-e-type=\"container\">\n\t\t\t\t<div class=\"elementor-element elementor-element-ba2c853 elementor-widget elementor-widget-heading\" data-id=\"ba2c853\" data-element_type=\"widget\" data-e-type=\"widget\" data-widget_type=\"heading.default\">\n\t\t\t\t\t<h4 class=\"elementor-heading-title elementor-size-default\">PREVIDENZA <br> COMPLEMENTARE<\/h4>\t\t\t\t<\/div>\n\t\t\t\t<div class=\"elementor-element elementor-element-1ac104c elementor-widget elementor-widget-button\" data-id=\"1ac104c\" data-element_type=\"widget\" data-e-type=\"widget\" data-widget_type=\"button.default\">\n\t\t\t\t\t\t\t\t\t\t<a class=\"elementor-button elementor-button-link elementor-size-sm\" href=\"\/calabria\/news\/previdenza-complementare\">\n\t\t\t\t\t\t<span class=\"elementor-button-content-wrapper\">\n\t\t\t\t\t\t\t\t\t<span class=\"elementor-button-text\">SCOPRI DI PI\u00d9<\/span>\n\t\t\t\t\t<\/span>\n\t\t\t\t\t<\/a>\n\t\t\t\t\t\t\t\t<\/div>\n\t\t\t\t<div class=\"elementor-element elementor-element-fd2c4ab elementor-widget elementor-widget-heading\" data-id=\"fd2c4ab\" data-element_type=\"widget\" data-e-type=\"widget\" data-widget_type=\"heading.default\">\n\t\t\t\t\t<h4 class=\"elementor-heading-title elementor-size-default\">SANIT\u00c0 <br> INTEGRATIVA<\/h4>\t\t\t\t<\/div>\n\t\t\t\t<div class=\"elementor-element elementor-element-b2ad00a elementor-widget elementor-widget-button\" data-id=\"b2ad00a\" data-element_type=\"widget\" data-e-type=\"widget\" data-widget_type=\"button.default\">\n\t\t\t\t\t\t\t\t\t\t<a class=\"elementor-button elementor-button-link elementor-size-sm\" href=\"\/calabria\/news\/sanita-integrativa\">\n\t\t\t\t\t\t<span class=\"elementor-button-content-wrapper\">\n\t\t\t\t\t\t\t\t\t<span class=\"elementor-button-text\">SCOPRI DI PI\u00d9<\/span>\n\t\t\t\t\t<\/span>\n\t\t\t\t\t<\/a>\n\t\t\t\t\t\t\t\t<\/div>\n\t\t\t\t<div class=\"elementor-element elementor-element-08ac948 elementor-widget elementor-widget-heading\" data-id=\"08ac948\" data-element_type=\"widget\" data-e-type=\"widget\" data-widget_type=\"heading.default\">\n\t\t\t\t\t<h4 class=\"elementor-heading-title elementor-size-default\">SOSTEGNO AL <br> REDDITTO<\/h4>\t\t\t\t<\/div>\n\t\t\t\t<div class=\"elementor-element elementor-element-96ff565 elementor-widget elementor-widget-button\" data-id=\"96ff565\" data-element_type=\"widget\" data-e-type=\"widget\" data-widget_type=\"button.default\">\n\t\t\t\t\t\t\t\t\t\t<a class=\"elementor-button elementor-button-link elementor-size-sm\" href=\"\/calabria\/news\/sostegno-al-reddito\">\n\t\t\t\t\t\t<span class=\"elementor-button-content-wrapper\">\n\t\t\t\t\t\t\t\t\t<span class=\"elementor-button-text\">SCOPRI DI PI\u00d9<\/span>\n\t\t\t\t\t<\/span>\n\t\t\t\t\t<\/a>\n\t\t\t\t\t\t\t\t<\/div>\n\t\t\t\t<div class=\"elementor-element elementor-element-6b8b37e elementor-widget elementor-widget-heading\" data-id=\"6b8b37e\" data-element_type=\"widget\" data-e-type=\"widget\" data-widget_type=\"heading.default\">\n\t\t\t\t\t<h4 class=\"elementor-heading-title elementor-size-default\">FORMAZIONE <br><\/h4>\t\t\t\t<\/div>\n\t\t\t\t<div class=\"elementor-element elementor-element-f97d980 elementor-widget elementor-widget-button\" data-id=\"f97d980\" data-element_type=\"widget\" data-e-type=\"widget\" data-widget_type=\"button.default\">\n\t\t\t\t\t\t\t\t\t\t<a class=\"elementor-button elementor-button-link elementor-size-sm\" href=\"\/calabria\/news\/formazione\">\n\t\t\t\t\t\t<span class=\"elementor-button-content-wrapper\">\n\t\t\t\t\t\t\t\t\t<span class=\"elementor-button-text\">SCOPRI DI PI\u00d9<\/span>\n\t\t\t\t\t<\/span>\n\t\t\t\t\t<\/a>\n\t\t\t\t\t\t\t\t<\/div>\n\t\t\t\t<\/div>\n\t\t\t\t\t<\/div>\n\t\t\t\t<\/div>\n\t\t<div class=\"elementor-element elementor-element-3d277a3 e-flex e-con-boxed e-con e-parent\" data-id=\"3d277a3\" data-element_type=\"container\" data-e-type=\"container\" data-settings=\"{&quot;background_background&quot;:&quot;classic&quot;}\">\n\t\t\t\t\t<div class=\"e-con-inner\">\n\t\t<div class=\"elementor-element elementor-element-164a85a e-con-full e-flex e-con e-child\" data-id=\"164a85a\" data-element_type=\"container\" data-e-type=\"container\">\n\t\t\t\t<div class=\"elementor-element elementor-element-94e3d37 elementor-widget elementor-widget-heading\" data-id=\"94e3d37\" data-element_type=\"widget\" data-e-type=\"widget\" data-widget_type=\"heading.default\">\n\t\t\t\t\t<h2 class=\"elementor-heading-title elementor-size-default\">Scopri i vantaggi del welfare\ncontrattuale in Calabria per\nil tuo CCNL<\/h2>\t\t\t\t<\/div>\n\t\t\t\t<\/div>\n\t\t\t\t\t<\/div>\n\t\t\t\t<\/div>\n\t\t\t\t<\/div>\n\t\t","protected":false},"excerpt":{"rendered":"<p>Poter contare su prestazioni di welfare come visite mediche, percorsi formativi, servizi di conciliazione tra vita lavorativa e personale, integrazioni al reddito diventa ogni giorno pi\u00f9 importante, in un momento in cui il sistema pubblico non riesce a coprire tutti i bisogni e i servizi offerti dal mercato privato \u2014 banche, assicurazioni \u2014 hanno costi [&hellip;]<\/p>\n","protected":false},"author":1,"featured_media":0,"parent":0,"menu_order":0,"comment_status":"closed","ping_status":"closed","template":"elementor_header_footer","meta":{"footnotes":""},"class_list":["post-374","page","type-page","status-publish","hentry"],"_links":{"self":[{"href":"https:\/\/welfarecontrattuale.ce-mu.it\/calabria\/wp-json\/wp\/v2\/pages\/374","targetHints":{"allow":["GET"]}}],"collection":[{"href":"https:\/\/welfarecontrattuale.ce-mu.it\/calabria\/wp-json\/wp\/v2\/pages"}],"about":[{"href":"https:\/\/welfarecontrattuale.ce-mu.it\/calabria\/wp-json\/wp\/v2\/types\/page"}],"author":[{"embeddable":true,"href":"https:\/\/welfarecontrattuale.ce-mu.it\/calabria\/wp-json\/wp\/v2\/users\/1"}],"replies":[{"embeddable":true,"href":"https:\/\/welfarecontrattuale.ce-mu.it\/calabria\/wp-json\/wp\/v2\/comments?post=374"}],"version-history":[{"count":145,"href":"https:\/\/welfarecontrattuale.ce-mu.it\/calabria\/wp-json\/wp\/v2\/pages\/374\/revisions"}],"predecessor-version":[{"id":903,"href":"https:\/\/welfarecontrattuale.ce-mu.it\/calabria\/wp-json\/wp\/v2\/pages\/374\/revisions\/903"}],"wp:attachment":[{"href":"https:\/\/welfarecontrattuale.ce-mu.it\/calabria\/wp-json\/wp\/v2\/media?parent=374"}],"curies":[{"name":"wp","href":"https:\/\/api.w.org\/{rel}","templated":true}]}}