{"id":246,"date":"2025-10-01T09:35:04","date_gmt":"2025-10-01T07:35:04","guid":{"rendered":"https:\/\/welfarecontrattuale.y-test.it\/?page_id=246"},"modified":"2025-11-21T11:34:42","modified_gmt":"2025-11-21T10:34:42","slug":"social-media-policy","status":"publish","type":"page","link":"https:\/\/welfarecontrattuale.ce-mu.it\/sardegna\/social-media-policy\/","title":{"rendered":"Social Media Policy"},"content":{"rendered":"\t\t<div data-elementor-type=\"wp-page\" data-elementor-id=\"246\" class=\"elementor elementor-246\" data-elementor-post-type=\"page\">\n\t\t\t\t<div class=\"elementor-element elementor-element-eda8968 e-flex e-con-boxed e-con e-parent\" data-id=\"eda8968\" data-element_type=\"container\" data-e-type=\"container\">\n\t\t\t\t\t<div class=\"e-con-inner\">\n\t\t\t\t<div class=\"elementor-element elementor-element-a1de698 elementor-widget elementor-widget-text-editor\" data-id=\"a1de698\" data-element_type=\"widget\" data-e-type=\"widget\" data-widget_type=\"text-editor.default\">\n\t\t\t\t\t\t\t\t\t<h2 class=\"heading-style-5 no-animation\">Social Media Policy<\/h2><p class=\"no-animation\">(aggiornata al 21\/11\/2025)<\/p><p class=\"no-animation\">Il presente documento contiene la\u00a0<i>social media policy<\/i>\u00a0che regola la pubblicazione e l\u2019interazione sui canali\u00a0<i>social<\/i>\u00a0di Ce.Mu. Centro Multiservizi S.r.l. e del Centro studi sociali per il terziario, turismo e servizi affidatole dalla Filcams Cgil.<\/p><h2 class=\"heading-style-5\">1. Finalit\u00e0<\/h2><p class=\"no-animation\">La\u00a0<i>social media policy<\/i>\u00a0esterna illustra all\u2019utenza le regole di comportamento da tenere nei nostri spazi di presidio e indica quali contenuti e quali modalit\u00e0 di relazione ci si deve aspettare.<br \/>Utilizziamo i\u00a0<i>social network<\/i>\u00a0con finalit\u00e0 editoriali, formative, comunicative, promozionali e di interesse generale per informare e per comunicare attivamente con il pubblico, nell\u2019ottica della trasparenza e della condivisione.<\/p><h2 class=\"heading-style-5\">2. Contenuti<\/h2><p class=\"no-animation\">I contenuti pubblicati comprendono comunicazioni sulle attivit\u00e0 e i servizi da noi erogati, pubblicazioni e documenti ufficiali, informazioni su iniziative ed eventi, immagini e video.<br \/>L\u2019eventuale presenza di spazi e messaggi pubblicitari nei nostri canali\u00a0<i>social<\/i>\u00a0non sono sotto il nostro controllo, ma sono gestiti in autonomia dal\u00a0<i>social network<\/i>.<\/p><h2 class=\"heading-style-5\">3. Riproduzione di contenuti Ce.Mu.<\/h2><p class=\"no-animation\">I nostri canali\u00a0<i>social<\/i>\u00a0producono contenuti testuali, fotografie, infografiche, video e altri materiali multimediali che possono essere riprodotti liberamente, ma devono sempre essere accreditati al canale originale di riferimento.<\/p><h2 class=\"heading-style-5\">4. Contenuti di soggetti terzi<\/h2><p class=\"no-animation\">Sfruttando le opportunit\u00e0 tipiche dei canali\u00a0<i>social<\/i>, possiamo occasionalmente condividere mediante i nostri\u00a0<i>account social<\/i>\u00a0contenuti e messaggi di pubblico interesse e utilit\u00e0 prodotti da soggetti terzi. In questi casi, ci limitiamo a verificare l\u2019attendibilit\u00e0 della fonte, ma non ne certifichiamo i contenuti.<br \/>I commenti e i\u00a0<i>post<\/i>\u00a0degli utenti rappresentano l\u2019opinione dei singoli e non la nostra; infatti, non possiamo essere ritenuti responsabili di ci\u00f2 che viene pubblicato da terzi sui nostri canali.<\/p><h2 class=\"heading-style-5\">5. Moderazione e Netiquette<\/h2><p class=\"no-animation\">I nostri canali\u00a0<i>social<\/i>\u00a0vengono moderati in orari di ufficio. La moderazione avviene quindi a posteriori, ovvero in un momento successivo alla pubblicazione, ed \u00e8 finalizzata unicamente al contenimento di eventuali comportamenti contrari alle norme d\u2019uso.<\/p><p class=\"no-animation\">Vi invitiamo a mantenere una conversazione educata, pertinente e rispettosa delle opinioni altrui, esprimendo le proprie idee con correttezza e misura, e accompagnando \u2013 ove si presentino dati o opinioni \u2013 le proprie esternazioni con collegamenti a fonti attendibili e verificabili. Sui canali non \u00e8 prevista alcuna moderazione preventiva: tutti possono intervenire per esprimere la propria libera opinione, sempre seguendo le buone regole dell\u2019educazione e del rispetto reciproco e ricordando che ognuno \u00e8 responsabile di ci\u00f2 che pubblica. Saranno tuttavia rimossi tempestivamente commenti e\u00a0<i>post<\/i>\u00a0che violino le condizioni esposte in questo documento.<\/p><p class=\"no-animation\">Non saranno tollerati insulti, turpiloquio, minacce o atteggiamenti che ledano la dignit\u00e0 delle persone e il decoro delle istituzioni, i diritti delle minoranze e dei minori, i principi di libert\u00e0 e uguaglianza. In particolare, non sono ammissibili:<\/p><ul><li>contenuti che promuovano, favoriscano o perpetuino la discriminazione sulla base del sesso, dell\u2019orientamento sessuale, della razza, della lingua, della religione, delle opinioni politiche, del credo, dell\u2019et\u00e0, dello stato civile, della nazionalit\u00e0, della disabilit\u00e0 fisica o mentale;<\/li><li><i>post<\/i>\u00a0e commenti offensivi o discriminatori nei confronti di altri utenti, partecipanti o meno alla discussione, di enti, associazioni, aziende o di chi gestisce e modera i canali\u00a0<i>social<\/i>;<\/li><li>contenuti sessuali o\u00a0<i>link<\/i>\u00a0a contenuti sessuali;<\/li><li>sollecitazioni al commercio;<\/li><li>conduzione o incoraggiamento di attivit\u00e0 illecite;<\/li><li>informazioni che possano tendere a compromettere la sicurezza dei sistemi pubblici;<\/li><li>contenuti che violino la normativa in materia di diritto d\u2019autore;<\/li><li>commenti o\u00a0<i>post<\/i>\u00a0che presentino dati sensibili in violazione della legge sulla privacy.<\/li><\/ul><p>\u00a0<\/p><p>Sono inoltre scoraggiati e comunque soggetti a moderazione commenti e contenuti dei seguenti generi:<\/p><ul><li>commenti non pertinenti al particolare argomento pubblicato (<i>off-topic<\/i>);<\/li><li>linguaggio o contenuti offensivi, ingannevoli, allarmistici, o che violino la normativa sul diritto d\u2019autore;<\/li><li>commenti e\u00a0<i>post<\/i>\u00a0scritti per disturbare la discussione;<\/li><li><i>spam<\/i>;<\/li><li>interventi inseriti ripetutamente.<\/li><\/ul><p>\u00a0<\/p><p class=\"heading-style-5\">Ci riserviamo il diritto di rimuovere, secondo il nostro insindacabile giudizio, qualsiasi contenuto che venga ritenuto in violazione di queste linee guida o di qualsiasi legge applicabile. Per chi dovesse violare queste condizioni o quelle contenute nelle\u00a0<i>policy<\/i>\u00a0degli strumenti adottati, ci riserviamo il diritto di ricorrere al\u00a0<i>ban<\/i>\u00a0temporaneo o al blocco permanente per impedire ulteriori interventi e di segnalare l\u2019utente ai responsabili della piattaforma e, eventualmente, alle autorit\u00e0 competenti.<\/p><h2 class=\"heading-style-5\">6. Follow e condivisioni<\/h2><p class=\"no-animation\">Chi segue un nostro canale\u00a0<i>social<\/i>\u00a0non viene automaticamente seguito. Inoltre, nel momento in cui seguiamo un\u00a0<i>account social<\/i>\u00a0o lo inseriamo in liste di interesse non stiamo contemporaneamente condividendo la linea di pensiero di tale account. Lo stesso vale anche per le condivisioni su LinkedIn e qualsiasi altro\u00a0<i>social network<\/i>, per i lanci e rilanci e i messaggi presenti su ogni\u00a0<i>account social<\/i>, pubblicati dagli utenti.<br \/>In generale non garantiamo la risposta diretta alle menzioni, ai messaggi o ai commenti.<\/p><h2 class=\"heading-style-5\">7. Privacy e trattamento dei dati personali<\/h2><p class=\"no-animation\">Si ricorda che il trattamento dei dati personali degli utenti risponde alle\u00a0<i>policy<\/i>\u00a0in uso sulle piattaforme utilizzate. I dati personali o sensibili inseriti in commenti o\u00a0<i>post<\/i>\u00a0pubblici all\u2019interno dei canali sui nostri\u00a0<i>social<\/i>\u00a0media potranno essere rimossi. I dati condivisi dagli utenti attraverso messaggi privati spediti direttamente ai gestori dei canali saranno trattati nel rispetto delle norme vigenti sulla protezione dei dati personali e della nostra\u00a0<i>Privacy Policy<\/i>. In particolare, il trattamento dei dati dei visitatori \u00e8 fondato sul consenso liberamente rilasciato al\u00a0<i>social network<\/i>\u00a0al momento dell\u2019iscrizione e\/o al momento della visita alla nostra pagina. Gli stessi dati potranno essere comunicati soltanto a soggetti designati Responsabili del trattamento (es. consulenti in ambito di assistenza informatica). I dati personali, fuori dai casi previsti, non saranno da noi ceduti, diffusi o trasferiti in Paesi extra UE. Per maggiori informazioni sulla conservazione e comunicazione dei dati realizzati dai\u00a0<i>social network<\/i>\u00a0vi rinviamo alla\u00a0<i>Privacy Policy<\/i>\u00a0degli stessi\u00a0<i>social network<\/i>. I dati personali saranno conservati per tutto il tempo in cui l\u2019utente manterr\u00e0 l\u2019iscrizione alla nostra pagina\u00a0<i>social<\/i>\u00a0e saranno da noi cancellati al momento della revoca del consenso prestato dall\u2019utente.<br \/>Il conferimento dei dati \u00e8 facoltativo e rimesso alla volont\u00e0 dell\u2019utente. In mancanza di conferimento, non ci sar\u00e0 possibile permettere l\u2019iscrizione dello stesso alla nostra pagina\u00a0<i>social<\/i>.<br \/>In quanto soggetto interessato, nei casi previsti, all&#8217;utente viene garantito l\u2019esercizio dei seguenti diritti: diritto di accesso ai dati conferiti, diritto di rettifica, diritto alla cancellazione, diritto alla portabilit\u00e0 dei dati. L&#8217;utente ha altres\u00ec il diritto di domandare la limitazione del trattamento dei dati conferiti e di opporsi ad esso (artt. 15 e seguenti Reg. UE 2016\/679). Tali diritti potranno essere fatti valere attraverso una richiesta scritta al Titolare del trattamento o al Responsabile della Protezione dei dati designato e contattabile all\u2019indirizzo mail privacy@ce-mu.it.<br \/>L&#8217;utente ha infine diritto a proporre reclamo al Garante per la protezione dei dati (<i>www.garanteprivacy.it<\/i>).<\/p>\t\t\t\t\t\t\t\t<\/div>\n\t\t\t\t\t<\/div>\n\t\t\t\t<\/div>\n\t\t\t\t<\/div>\n\t\t","protected":false},"excerpt":{"rendered":"<p>Social Media Policy (aggiornata al 21\/11\/2025) Il presente documento contiene la\u00a0social media policy\u00a0che regola la pubblicazione e l\u2019interazione sui canali\u00a0social\u00a0di Ce.Mu. Centro Multiservizi S.r.l. e del Centro studi sociali per il terziario, turismo e servizi affidatole dalla Filcams Cgil. 1. Finalit\u00e0 La\u00a0social media policy\u00a0esterna illustra all\u2019utenza le regole di comportamento da tenere nei nostri spazi [&hellip;]<\/p>\n","protected":false},"author":1,"featured_media":0,"parent":0,"menu_order":0,"comment_status":"closed","ping_status":"closed","template":"","meta":{"footnotes":""},"class_list":["post-246","page","type-page","status-publish","hentry"],"_links":{"self":[{"href":"https:\/\/welfarecontrattuale.ce-mu.it\/sardegna\/wp-json\/wp\/v2\/pages\/246","targetHints":{"allow":["GET"]}}],"collection":[{"href":"https:\/\/welfarecontrattuale.ce-mu.it\/sardegna\/wp-json\/wp\/v2\/pages"}],"about":[{"href":"https:\/\/welfarecontrattuale.ce-mu.it\/sardegna\/wp-json\/wp\/v2\/types\/page"}],"author":[{"embeddable":true,"href":"https:\/\/welfarecontrattuale.ce-mu.it\/sardegna\/wp-json\/wp\/v2\/users\/1"}],"replies":[{"embeddable":true,"href":"https:\/\/welfarecontrattuale.ce-mu.it\/sardegna\/wp-json\/wp\/v2\/comments?post=246"}],"version-history":[{"count":20,"href":"https:\/\/welfarecontrattuale.ce-mu.it\/sardegna\/wp-json\/wp\/v2\/pages\/246\/revisions"}],"predecessor-version":[{"id":785,"href":"https:\/\/welfarecontrattuale.ce-mu.it\/sardegna\/wp-json\/wp\/v2\/pages\/246\/revisions\/785"}],"wp:attachment":[{"href":"https:\/\/welfarecontrattuale.ce-mu.it\/sardegna\/wp-json\/wp\/v2\/media?parent=246"}],"curies":[{"name":"wp","href":"https:\/\/api.w.org\/{rel}","templated":true}]}}